{"id":17056,"date":"2023-04-25T11:11:38","date_gmt":"2023-04-25T11:11:38","guid":{"rendered":"https:\/\/www.cultidelta.com\/ponents\/"},"modified":"2023-10-17T13:54:29","modified_gmt":"2023-10-17T13:54:29","slug":"ponents","status":"publish","type":"page","link":"https:\/\/www.cultidelta.com\/fr\/ponents\/","title":{"rendered":"Intervenant"},"content":{"rendered":"<div class=\"wpb-content-wrapper\"><p>[vc_row content_placement=\u00a0\u00bbmiddle\u00a0\u00bb wrap_container=\u00a0\u00bbyes\u00a0\u00bb css=\u00a0\u00bb.vc_custom_1557276992250{padding-top: 110px !important;padding-bottom: 80px !important;background-color: #ededed !important;}\u00a0\u00bb][vc_column width=\u00a0\u00bb1\/2&Prime; el_class=\u00a0\u00bbpe-lg-4&Prime;][vc_row_inner el_class=\u00a0\u00bbjustify-content-end\u00a0\u00bb][vc_column_inner animation_delay=\u00a0\u00bb600&Prime; offset=\u00a0\u00bbvc_col-md-9&Prime; animation_type=\u00a0\u00bbfadeInRight\u00a0\u00bb]<div class=\"porto-u-heading my-5  wpb_custom_95aa9a11c17ad45cfabaf210d84ee7cc porto-u-6339 \"><div class=\"porto-u-main-heading\"><h2   style=\"font-weight:700;color:#0088cc;font-size:14px;line-height:27px;\">INTERVENANT<\/h2><\/div><div class=\"porto-u-sub-heading\" style=\"font-weight:700;color: #212529;font-size:28px;line-height:42px;\">Amalia Robredo<\/div><style>.porto-u-6339.porto-u-heading{text-align:right}<\/style><\/div>[\/vc_column_inner][vc_column_inner animation_delay=\u00a0\u00bb\u00a0\u00bb offset=\u00a0\u00bbvc_col-md-10&Prime;][vc_single_image image=\u00a0\u00bb16979&Prime; img_size=\u00a0\u00bbfull\u00a0\u00bb animation_delay=\u00a0\u00bb500&Prime; el_class=\u00a0\u00bbmb-1&Prime; animation_type=\u00a0\u00bbzoomIn\u00a0\u00bb][\/vc_column_inner][\/vc_row_inner][\/vc_column][vc_column width=\u00a0\u00bb1\/2&Prime; el_class=\u00a0\u00bbps-lg-4&Prime;][vc_row_inner el_class=\u00a0\u00bbjustify-content-start\u00a0\u00bb][vc_column_inner offset=\u00a0\u00bbvc_col-md-10&Prime;][vc_single_image image=\u00a0\u00bb17010&Prime; img_size=\u00a0\u00bbfull\u00a0\u00bb animation_delay=\u00a0\u00bb500&Prime; el_class=\u00a0\u00bbmb-0&Prime; animation_type=\u00a0\u00bbzoomIn\u00a0\u00bb][\/vc_column_inner][\/vc_row_inner][vc_column_text css=\u00a0\u00bb.vc_custom_1687427594154{margin-right: 10px !important;border-right-width: 10px !important;padding-right: 10px !important;}\u00a0\u00bb]La premi\u00e8re conf\u00e9rence que nous pouvons annoncer sera donn\u00e9e par la paysagiste argentine Amalia Robredo, une r\u00e9f\u00e9rence internationale dans ce type d&rsquo;am\u00e9nagement paysager, avec un essor tr\u00e8s important en Am\u00e9rique du Sud.[\/vc_column_text][\/vc_column][\/vc_row][vc_row content_placement=\u00a0\u00bbmiddle\u00a0\u00bb wrap_container=\u00a0\u00bbyes\u00a0\u00bb css=\u00a0\u00bb.vc_custom_1687427646408{padding-top: 60px !important;padding-bottom: 80px !important;background-color: #ededed !important;}\u00a0\u00bb conditional_render=\u00a0\u00bb%5B%7B%22value_role%22%3A%22administrator%22%7D%5D\u00a0\u00bb][vc_column width=\u00a0\u00bb1\/2&Prime; el_class=\u00a0\u00bbpe-lg-4&Prime;][vc_row_inner el_class=\u00a0\u00bbjustify-content-end\u00a0\u00bb][vc_column_inner animation_delay=\u00a0\u00bb600&Prime; offset=\u00a0\u00bbvc_col-md-9&Prime; animation_type=\u00a0\u00bbfadeInRight\u00a0\u00bb]<div class=\"porto-u-heading my-5  wpb_custom_95aa9a11c17ad45cfabaf210d84ee7cc porto-u-2804 \"><div class=\"porto-u-main-heading\"><h2   style=\"font-weight:700;color:#0088cc;font-size:14px;line-height:27px;\">INTERVENANT<\/h2><\/div><div class=\"porto-u-sub-heading\" style=\"font-weight:700;color: #212529;font-size:28px;line-height:42px;\">Juanma Mond\u00e9jar<br \/>\n(Projar Group)<\/div><style>.porto-u-2804.porto-u-heading{text-align:right}<\/style><\/div>[\/vc_column_inner][vc_column_inner animation_delay=\u00a0\u00bb\u00a0\u00bb offset=\u00a0\u00bbvc_col-md-10&Prime;][vc_single_image image=\u00a0\u00bb17120&Prime; img_size=\u00a0\u00bbfull\u00a0\u00bb animation_delay=\u00a0\u00bb500&Prime; el_class=\u00a0\u00bbmb-1&Prime; animation_type=\u00a0\u00bbzoomIn\u00a0\u00bb][\/vc_column_inner][\/vc_row_inner][\/vc_column][vc_column width=\u00a0\u00bb1\/2&Prime; el_class=\u00a0\u00bbps-lg-4&Prime;][vc_row_inner el_class=\u00a0\u00bbjustify-content-start\u00a0\u00bb][vc_column_inner offset=\u00a0\u00bbvc_col-md-10&Prime;][vc_single_image image=\u00a0\u00bb17133&Prime; img_size=\u00a0\u00bbfull\u00a0\u00bb animation_delay=\u00a0\u00bb500&Prime; el_class=\u00a0\u00bbmb-0&Prime; animation_type=\u00a0\u00bbzoomIn\u00a0\u00bb][\/vc_column_inner][\/vc_row_inner][vc_column_text css=\u00a0\u00bb.vc_custom_1687428455551{margin-right: 10px !important;border-right-width: 10px !important;padding-right: 10px !important;}\u00a0\u00bb]Il a d\u00e9velopp\u00e9 son activit\u00e9 professionnelle dans le domaine de l&rsquo;am\u00e9nagement paysager et de la restauration environnementale, combinant son travail entre la r\u00e9daction de projets et l&rsquo;ex\u00e9cution de constructions. Agronome de formation, il se sp\u00e9cialise apr\u00e8s avoir compl\u00e9t\u00e9 une ma\u00eetrise en am\u00e9nagement paysager. Les projets auxquels il a particip\u00e9 vont du jardinage public, de la restauration de l&rsquo;environnement et du jardinage priv\u00e9 aux projets europ\u00e9ens d&rsquo;innovation.<\/p>\n<p>Sa conf\u00e9rence portera sur la conception et la gestion des infrastructures vertes en milieu urbain et p\u00e9riurbain.[\/vc_column_text][\/vc_column][\/vc_row][vc_row content_placement=\u00a0\u00bbmiddle\u00a0\u00bb wrap_container=\u00a0\u00bbyes\u00a0\u00bb css=\u00a0\u00bb.vc_custom_1687427646408{padding-top: 60px !important;padding-bottom: 80px !important;background-color: #ededed !important;}\u00a0\u00bb conditional_render=\u00a0\u00bb%5B%7B%22value_role%22%3A%22administrator%22%7D%5D\u00a0\u00bb][vc_column width=\u00a0\u00bb1\/2&Prime; el_class=\u00a0\u00bbpe-lg-4&Prime;][vc_row_inner el_class=\u00a0\u00bbjustify-content-end\u00a0\u00bb][vc_column_inner animation_delay=\u00a0\u00bb600&Prime; offset=\u00a0\u00bbvc_col-md-9&Prime; animation_type=\u00a0\u00bbfadeInRight\u00a0\u00bb]<div class=\"porto-u-heading my-5  wpb_custom_95aa9a11c17ad45cfabaf210d84ee7cc porto-u-1104 \"><div class=\"porto-u-main-heading\"><h2   style=\"font-weight:700;color:#0088cc;font-size:14px;line-height:27px;\">INTERVENANT<\/h2><\/div><div class=\"porto-u-sub-heading\" style=\"font-weight:700;color: #212529;font-size:28px;line-height:42px;\">Imoggen Chekkets \/ Kate Dumbleton<br \/>\n(Le Jardin Champetre) France<\/div><style>.porto-u-1104.porto-u-heading{text-align:right}<\/style><\/div>[\/vc_column_inner][vc_column_inner animation_delay=\u00a0\u00bb\u00a0\u00bb offset=\u00a0\u00bbvc_col-md-10&Prime;][vc_single_image image=\u00a0\u00bb17128&Prime; img_size=\u00a0\u00bbfull\u00a0\u00bb animation_delay=\u00a0\u00bb500&Prime; el_class=\u00a0\u00bbmb-1&Prime; animation_type=\u00a0\u00bbzoomIn\u00a0\u00bb][\/vc_column_inner][\/vc_row_inner][\/vc_column][vc_column width=\u00a0\u00bb1\/2&Prime; el_class=\u00a0\u00bbps-lg-4&Prime;][vc_row_inner el_class=\u00a0\u00bbjustify-content-start\u00a0\u00bb][vc_column_inner offset=\u00a0\u00bbvc_col-md-10&Prime;][vc_single_image image=\u00a0\u00bb17124&Prime; img_size=\u00a0\u00bbfull\u00a0\u00bb animation_delay=\u00a0\u00bb500&Prime; el_class=\u00a0\u00bbmb-0&Prime; animation_type=\u00a0\u00bbzoomIn\u00a0\u00bb][\/vc_column_inner][\/vc_row_inner][vc_column_text css=\u00a0\u00bb.vc_custom_1687427980613{margin-right: 10px !important;border-right-width: 10px !important;padding-right: 10px !important;}\u00a0\u00bb]Originaires de la r\u00e9gion fran\u00e7aise de Caunes Minnervois, Imoggen et Kate pr\u00e9senteront leur vision de plusieurs ann\u00e9es dans la cr\u00e9ation et la r\u00e9alisation de jardins naturalistes et leur exp\u00e9rience acquise dans la gestion de leur jardin exp\u00e9rimental.[\/vc_column_text][\/vc_column][\/vc_row][vc_row content_placement=\u00a0\u00bbmiddle\u00a0\u00bb wrap_container=\u00a0\u00bbyes\u00a0\u00bb css=\u00a0\u00bb.vc_custom_1687427646408{padding-top: 60px !important;padding-bottom: 80px !important;background-color: #ededed !important;}\u00a0\u00bb conditional_render=\u00a0\u00bb%5B%7B%22value_role%22%3A%22administrator%22%7D%5D\u00a0\u00bb][vc_column width=\u00a0\u00bb1\/2&Prime; el_class=\u00a0\u00bbpe-lg-4&Prime;][vc_row_inner el_class=\u00a0\u00bbjustify-content-end\u00a0\u00bb][vc_column_inner animation_delay=\u00a0\u00bb600&Prime; offset=\u00a0\u00bbvc_col-md-9&Prime; animation_type=\u00a0\u00bbfadeInRight\u00a0\u00bb]<div class=\"porto-u-heading my-5  wpb_custom_95aa9a11c17ad45cfabaf210d84ee7cc porto-u-1651 \"><div class=\"porto-u-main-heading\"><h2   style=\"font-weight:700;color:#0088cc;font-size:14px;line-height:27px;\">INTERVENANT<\/h2><\/div><div class=\"porto-u-sub-heading\" style=\"font-weight:700;color: #212529;font-size:28px;line-height:42px;\">Roc\u00edo Sainz de Rozas<br \/>\n(Estudio Sainz de Rozas)<\/div><style>.porto-u-1651.porto-u-heading{text-align:right}<\/style><\/div>[\/vc_column_inner][vc_column_inner animation_delay=\u00a0\u00bb\u00a0\u00bb offset=\u00a0\u00bbvc_col-md-10&Prime;][vc_single_image image=\u00a0\u00bb17142&Prime; img_size=\u00a0\u00bbfull\u00a0\u00bb animation_delay=\u00a0\u00bb500&Prime; el_class=\u00a0\u00bbmb-1&Prime; animation_type=\u00a0\u00bbzoomIn\u00a0\u00bb][\/vc_column_inner][\/vc_row_inner][\/vc_column][vc_column width=\u00a0\u00bb1\/2&Prime; el_class=\u00a0\u00bbps-lg-4&Prime;][vc_row_inner el_class=\u00a0\u00bbjustify-content-start\u00a0\u00bb][vc_column_inner offset=\u00a0\u00bbvc_col-md-10&Prime;][vc_single_image image=\u00a0\u00bb17138&Prime; img_size=\u00a0\u00bbfull\u00a0\u00bb animation_delay=\u00a0\u00bb500&Prime; el_class=\u00a0\u00bbmb-0&Prime; animation_type=\u00a0\u00bbzoomIn\u00a0\u00bb][\/vc_column_inner][\/vc_row_inner][vc_column_text css=\u00a0\u00bb.vc_custom_1687428152212{margin-right: 10px !important;border-right-width: 10px !important;padding-right: 10px !important;}\u00a0\u00bb]Dipl\u00f4m\u00e9e en administration et gestion des entreprises de l&rsquo;Universit\u00e9 pontificale de Comillas \/ Ing\u00e9nieure agronome de l&rsquo;\u00c9cole technique sup\u00e9rieure d&rsquo;ing\u00e9nierie agricole de l&rsquo;Universit\u00e9 Pablo de Olavide de S\u00e9ville. Apr\u00e8s avoir travaill\u00e9 comme architecte paysagiste dans plusieurs bureaux d&rsquo;architecture andalous \u00e0 d\u00e9velopp\u00e9 une partie de sa carri\u00e8re en Angleterre, Roc\u00edo retourne en Espagne pour diriger son propre bureau \u00e0 S\u00e9ville \u00e0 partir duquel elle d\u00e9veloppe des projets d&rsquo;am\u00e9nagement paysager \u00e0 grande \u00e9chelle principalement dans les r\u00e9gions de Sotogrande, C\u00e1diz, M\u00e1laga, S\u00e9villa et Madrid, travaillant \u00e9galement en tant que partenaire local de paysagistes internationaux.<\/p>\n<p>Dans sa conf\u00e9rence, elle pr\u00e9sentera son point de vue sur les projets d&rsquo;am\u00e9nagement paysager naturaliste dans la sph\u00e8re priv\u00e9e.[\/vc_column_text][\/vc_column][\/vc_row][vc_row content_placement=\u00a0\u00bbmiddle\u00a0\u00bb wrap_container=\u00a0\u00bbyes\u00a0\u00bb css=\u00a0\u00bb.vc_custom_1687427646408{padding-top: 60px !important;padding-bottom: 80px !important;background-color: #ededed !important;}\u00a0\u00bb conditional_render=\u00a0\u00bb%5B%7B%22value_role%22%3A%22administrator%22%7D%5D\u00a0\u00bb][vc_column width=\u00a0\u00bb1\/2&Prime; el_class=\u00a0\u00bbpe-lg-4&Prime;][vc_row_inner el_class=\u00a0\u00bbjustify-content-end\u00a0\u00bb][vc_column_inner animation_delay=\u00a0\u00bb600&Prime; offset=\u00a0\u00bbvc_col-md-9&Prime; animation_type=\u00a0\u00bbfadeInRight\u00a0\u00bb]<div class=\"porto-u-heading my-5  wpb_custom_95aa9a11c17ad45cfabaf210d84ee7cc porto-u-3888 \"><div class=\"porto-u-main-heading\"><h2   style=\"font-weight:700;color:#0088cc;font-size:14px;line-height:27px;\">INTERVENANT<\/h2><\/div><div class=\"porto-u-sub-heading\" style=\"font-weight:700;color: #212529;font-size:28px;line-height:42px;\">Joan Roca<br \/>\n(Proyectos Paisaj\u00edsticos de Baleares)<\/div><style>.porto-u-3888.porto-u-heading{text-align:right}<\/style><\/div>[\/vc_column_inner][vc_column_inner animation_delay=\u00a0\u00bb\u00a0\u00bb offset=\u00a0\u00bbvc_col-md-10&Prime;][vc_single_image image=\u00a0\u00bb17151&Prime; img_size=\u00a0\u00bbfull\u00a0\u00bb animation_delay=\u00a0\u00bb500&Prime; el_class=\u00a0\u00bbmb-1&Prime; animation_type=\u00a0\u00bbzoomIn\u00a0\u00bb][\/vc_column_inner][\/vc_row_inner][\/vc_column][vc_column width=\u00a0\u00bb1\/2&Prime; el_class=\u00a0\u00bbps-lg-4&Prime;][vc_row_inner el_class=\u00a0\u00bbjustify-content-start\u00a0\u00bb][vc_column_inner offset=\u00a0\u00bbvc_col-md-10&Prime;][vc_single_image image=\u00a0\u00bb17147&Prime; img_size=\u00a0\u00bbfull\u00a0\u00bb animation_delay=\u00a0\u00bb500&Prime; el_class=\u00a0\u00bbmb-0&Prime; animation_type=\u00a0\u00bbzoomIn\u00a0\u00bb][\/vc_column_inner][\/vc_row_inner][vc_column_text css=\u00a0\u00bb.vc_custom_1687428240763{margin-right: 10px !important;border-right-width: 10px !important;padding-right: 10px !important;}\u00a0\u00bb]Joan est biologue de formation et dirige la soci\u00e9t\u00e9 PPB depuis plus de vingt ans, au sein de laquelle il a travaill\u00e9 sur diff\u00e9rents types de projets de jardinage, publics et priv\u00e9s, dans toutes les \u00eeles Bal\u00e9ares.<\/p>\n<p>Au cours de sa conf\u00e9rence, il expliquera comment l&rsquo;observation des esp\u00e8ces dans la nature, avec leurs m\u00e9canismes d&rsquo;adaptation, permet d&rsquo;obtenir des informations essentielles pour la conception d&rsquo;un jardin.[\/vc_column_text][\/vc_column][\/vc_row][vc_row content_placement=\u00a0\u00bbmiddle\u00a0\u00bb wrap_container=\u00a0\u00bbyes\u00a0\u00bb css=\u00a0\u00bb.vc_custom_1687427646408{padding-top: 60px !important;padding-bottom: 80px !important;background-color: #ededed !important;}\u00a0\u00bb conditional_render=\u00a0\u00bb%5B%7B%22value_role%22%3A%22administrator%22%7D%5D\u00a0\u00bb][vc_column width=\u00a0\u00bb1\/2&Prime; el_class=\u00a0\u00bbpe-lg-4&Prime;][vc_row_inner el_class=\u00a0\u00bbjustify-content-end\u00a0\u00bb][vc_column_inner animation_delay=\u00a0\u00bb600&Prime; offset=\u00a0\u00bbvc_col-md-9&Prime; animation_type=\u00a0\u00bbfadeInRight\u00a0\u00bb]<div class=\"porto-u-heading my-5  wpb_custom_95aa9a11c17ad45cfabaf210d84ee7cc porto-u-3466 \"><div class=\"porto-u-main-heading\"><h2   style=\"font-weight:700;color:#0088cc;font-size:14px;line-height:27px;\">INTERVENANT<\/h2><\/div><div class=\"porto-u-sub-heading\" style=\"font-weight:700;color: #212529;font-size:28px;line-height:42px;\">Alejandro O&rsquo;Neill<br \/>\n(Ale O&rsquo;Neill Studio) Uruguay<\/div><style>.porto-u-3466.porto-u-heading{text-align:right}<\/style><\/div>[\/vc_column_inner][\/vc_row_inner][\/vc_column][vc_column width=\u00a0\u00bb1\/2&Prime; el_class=\u00a0\u00bbps-lg-4&Prime;][vc_row_inner el_class=\u00a0\u00bbjustify-content-start\u00a0\u00bb][vc_column_inner offset=\u00a0\u00bbvc_col-md-10&Prime;][vc_single_image image=\u00a0\u00bb17163&Prime; img_size=\u00a0\u00bbfull\u00a0\u00bb animation_delay=\u00a0\u00bb500&Prime; el_class=\u00a0\u00bbmb-0&Prime; animation_type=\u00a0\u00bbzoomIn\u00a0\u00bb][\/vc_column_inner][\/vc_row_inner][vc_column_text css=\u00a0\u00bb.vc_custom_1687428345449{margin-right: 10px !important;border-right-width: 10px !important;padding-right: 10px !important;}\u00a0\u00bb]Paysagiste bas\u00e9 en M\u00e9diterran\u00e9e et en Am\u00e9rique du Sud, il a travaill\u00e9 \u00e0 Uruguay, au Royaume-Uni, en France, en Italie, au Japon et en Russie. Dans ses jardins, il se concentre sur l&rsquo;utilisation de plantes adapt\u00e9es aux climats locaux, minimisant ainsi l&rsquo;utilisation et l&rsquo;entretien de l&rsquo;eau, prenant le paysage local comme source d&rsquo;inspiration.<\/p>\n<p>Depuis environ 6 ans, il s&rsquo;est sp\u00e9cialis\u00e9 dans la conception des jardins \u00a0M\u00e9diterran\u00e9ens, en utilisant des esp\u00e8ces adapt\u00e9es aux conditions de s\u00e9cheresse et aux sols pauvres. Dans cette d\u00e9marche, il a eu besoin de s&rsquo;impliquer dans le suivi des jardins pour assurer leur p\u00e9rennit\u00e9 dans le temps, consacrant une partie de son temps au conseil et \u00e0 la formation des jardiniers pour la gestion des jardins naturalistes m\u00e9diterran\u00e9ens.<\/p>\n<p>Lors de sa conf\u00e9rence, il pr\u00e9sentera son point de vue et ses exp\u00e9riences dans un domaine aussi important que la gestion et l&rsquo;entretien d&rsquo;un jardin m\u00e9diterran\u00e9en.[\/vc_column_text][\/vc_column][\/vc_row][vc_row content_placement=\u00a0\u00bbmiddle\u00a0\u00bb wrap_container=\u00a0\u00bbyes\u00a0\u00bb css=\u00a0\u00bb.vc_custom_1687427646408{padding-top: 60px !important;padding-bottom: 80px !important;background-color: #ededed !important;}\u00a0\u00bb conditional_render=\u00a0\u00bb%5B%7B%22value_role%22%3A%22administrator%22%7D%5D\u00a0\u00bb][vc_column width=\u00a0\u00bb1\/2&Prime; el_class=\u00a0\u00bbpe-lg-4&Prime;][vc_row_inner el_class=\u00a0\u00bbjustify-content-end\u00a0\u00bb][vc_column_inner animation_delay=\u00a0\u00bb600&Prime; offset=\u00a0\u00bbvc_col-md-9&Prime; animation_type=\u00a0\u00bbfadeInRight\u00a0\u00bb]<div class=\"porto-u-heading my-5  wpb_custom_95aa9a11c17ad45cfabaf210d84ee7cc porto-u-3123 \"><div class=\"porto-u-main-heading\"><h2   style=\"font-weight:700;color:#0088cc;font-size:14px;line-height:27px;\">INTERVENANT<\/h2><\/div><div class=\"porto-u-sub-heading\" style=\"font-weight:700;color: #212529;font-size:28px;line-height:42px;\">Frank Fischer<br \/>\n(Frank Salvia&rsquo;s) Allemagne<\/div><style>.porto-u-3123.porto-u-heading{text-align:right}<\/style><\/div>[\/vc_column_inner][vc_column_inner animation_delay=\u00a0\u00bb\u00a0\u00bb offset=\u00a0\u00bbvc_col-md-10&Prime;][vc_single_image image=\u00a0\u00bb17159&Prime; img_size=\u00a0\u00bbfull\u00a0\u00bb animation_delay=\u00a0\u00bb500&Prime; el_class=\u00a0\u00bbmb-1&Prime; animation_type=\u00a0\u00bbzoomIn\u00a0\u00bb][\/vc_column_inner][\/vc_row_inner][\/vc_column][vc_column width=\u00a0\u00bb1\/2&Prime; el_class=\u00a0\u00bbps-lg-4&Prime;][vc_row_inner el_class=\u00a0\u00bbjustify-content-start\u00a0\u00bb][vc_column_inner offset=\u00a0\u00bbvc_col-md-10&Prime;][vc_single_image image=\u00a0\u00bb17155&Prime; img_size=\u00a0\u00bbfull\u00a0\u00bb animation_delay=\u00a0\u00bb500&Prime; el_class=\u00a0\u00bbmb-0&Prime; animation_type=\u00a0\u00bbzoomIn\u00a0\u00bb][\/vc_column_inner][\/vc_row_inner][vc_column_text css=\u00a0\u00bb.vc_custom_1687429426917{margin-right: 10px !important;border-right-width: 10px !important;padding-right: 10px !important;}\u00a0\u00bb]Le jardinier Frank Fischer a cr\u00e9\u00e9 un jardin d&rsquo;exposition pour sa collection de salvias, dont il est passionn\u00e9, pr\u00e8s de Fribourg et en raison de son amour des plantes, il a une p\u00e9pini\u00e8re proche o\u00f9 il propose des herbes populaires et inhabituelles, des annuelles et des vivaces de sa propre propagation.<\/p>\n<p>Dans un quartier r\u00e9sidentiel pr\u00e8s de Fribourg en Allemagne, le jardinier passionn\u00e9 Frank Fischer a cr\u00e9\u00e9 un jardin de d\u00e9monstration pour sa collection de salvia qui offre \u00e0 la fois un habitat pour les insectes et un lieu de bien-\u00eatre pour les visiteurs. L&rsquo;auto-ensemencement des plantes et le d\u00e9sherbage cibl\u00e9 donnent au jardin con\u00e7u naturellement une nouvelle dynamique. Les plantations r\u00e9sistantes \u00e0 la s\u00e9cheresse dans les conditions allemandes se d\u00e9brouillent largement sans arrosage. En plus de la sauge et de sa passion pour le monde v\u00e9g\u00e9tal, il a une p\u00e9pini\u00e8re adjacente avec de nombreuses autres vivaces, des gramin\u00e9es communes et inhabituelles, des piments et des annuelles automultipli\u00e9es.<\/p>\n<p>Au cours de ses conf\u00e9rences, il nous parlera de son exp\u00e9rience des esp\u00e8ces sans irrigation dans les conditions de l&rsquo;Allemagne.[\/vc_column_text][\/vc_column][\/vc_row][vc_row content_placement=\u00a0\u00bbmiddle\u00a0\u00bb wrap_container=\u00a0\u00bbyes\u00a0\u00bb css=\u00a0\u00bb.vc_custom_1687427646408{padding-top: 60px !important;padding-bottom: 80px !important;background-color: #ededed !important;}\u00a0\u00bb conditional_render=\u00a0\u00bb%5B%7B%22value_role%22%3A%22administrator%22%7D%5D\u00a0\u00bb][vc_column width=\u00a0\u00bb1\/2&Prime; el_class=\u00a0\u00bbpe-lg-4&Prime;][vc_row_inner el_class=\u00a0\u00bbjustify-content-end\u00a0\u00bb][vc_column_inner animation_delay=\u00a0\u00bb600&Prime; offset=\u00a0\u00bbvc_col-md-9&Prime; animation_type=\u00a0\u00bbfadeInRight\u00a0\u00bb]<div class=\"porto-u-heading my-5  wpb_custom_95aa9a11c17ad45cfabaf210d84ee7cc porto-u-9041 \"><div class=\"porto-u-main-heading\"><h2   style=\"font-weight:700;color:#0088cc;font-size:14px;line-height:27px;\">INTERVENANT<\/h2><\/div><div class=\"porto-u-sub-heading\" style=\"font-weight:700;color: #212529;font-size:28px;line-height:42px;\">Thomas Doxiadis<br \/>\n(Doxiadis +) Gr\u00e8ce<\/div><style>.porto-u-9041.porto-u-heading{text-align:right}<\/style><\/div>[\/vc_column_inner][vc_column_inner animation_delay=\u00a0\u00bb\u00a0\u00bb offset=\u00a0\u00bbvc_col-md-10&Prime;][vc_single_image image=\u00a0\u00bb17172&Prime; img_size=\u00a0\u00bbfull\u00a0\u00bb animation_delay=\u00a0\u00bb500&Prime; el_class=\u00a0\u00bbmb-1&Prime; animation_type=\u00a0\u00bbzoomIn\u00a0\u00bb][\/vc_column_inner][\/vc_row_inner][\/vc_column][vc_column width=\u00a0\u00bb1\/2&Prime; el_class=\u00a0\u00bbps-lg-4&Prime;][vc_row_inner el_class=\u00a0\u00bbjustify-content-start\u00a0\u00bb][vc_column_inner offset=\u00a0\u00bbvc_col-md-10&Prime;][vc_single_image image=\u00a0\u00bb17168&Prime; img_size=\u00a0\u00bbfull\u00a0\u00bb animation_delay=\u00a0\u00bb500&Prime; el_class=\u00a0\u00bbmb-0&Prime; animation_type=\u00a0\u00bbzoomIn\u00a0\u00bb][\/vc_column_inner][\/vc_row_inner][vc_column_text css=\u00a0\u00bb.vc_custom_1687428708188{margin-right: 10px !important;border-right-width: 10px !important;padding-right: 10px !important;}\u00a0\u00bb]Thomas Doxiadis, est un architecte et paysagiste grec renomm\u00e9 internationalement. N\u00e9 \u00e0 Ath\u00e8nes (1970), Thomas Doxiadis a obtenu son B.A. (1992), Master of Architecture et Master of Landscape Architecture \u00e0 l&rsquo;Universit\u00e9 de Harvard (1998). Il a \u00e9t\u00e9 assistant d&rsquo;enseignement \u00e0 la Harvard University Graduate School of Design et a re\u00e7u des prix acad\u00e9miques tels que la bourse de l&rsquo;Universit\u00e9 de Harvard, le prix Thomas T. Hoopes, le prix Rudolf Arnheim et le prix Penny White. Il est retourn\u00e9 en Gr\u00e8ce en 1999, o\u00f9 il a \u00e9t\u00e9 chef de section du comit\u00e9 d&rsquo;organisation des Jeux olympiques d&rsquo;Ath\u00e8nes (1999-2003), responsable du paysage et de City View. En m\u00eame temps, il a \u00e9t\u00e9 conseiller aupr\u00e8s de l&rsquo;Organisation de planification d&rsquo;Ath\u00e8nes (1999-2001). Il a enseign\u00e9 \u00e0 l&rsquo;universit\u00e9 (professeur auxiliaire, Universit\u00e9 de Patras, 2003-2007, et autres). Il est actuellement pr\u00e9sident du Conseil de l&rsquo;environnement naturel de la Soci\u00e9t\u00e9 grecque pour la pr\u00e9servation naturelle et culturelle. Thomas a \u00e9crit et particip\u00e9 \u00e0 des conf\u00e9rences ax\u00e9es sur l&rsquo;\u00e9cologie, le paysage et la ville.<\/p>\n<p>En 1999, il fonde le studio d&rsquo;architecture et de paysage Doxiadis+, qui se consacre \u00e0 l&rsquo;excellence dans le design et travaille pour r\u00e9pondre conjointement aux besoins des personnes et de l&rsquo;environnement. L&rsquo;\u00e9quipe est compos\u00e9e d&rsquo;architectes et de paysagistes, et a de nombreuses collaborations internationales. Les projets sont souvent ax\u00e9s sur la recherche et comprennent la conception de d\u00e9veloppements, de parcs, de marinas, de r\u00e9sidences, de centres de vill\u00e9giature, d&rsquo;interventions urbaines, de restauration de paysages et de politiques. Le studio a re\u00e7u des prix tels que l&rsquo;Architectural Review Emerging Architecture Awards 2010 (Commendation), le premier prix pour l&rsquo;espace urbain devant le nouveau mus\u00e9e de l&rsquo;Acropole, le concours international des meilleurs terrains priv\u00e9s 2012 (mention honorable) et le concours 2007 pour la r\u00e9g\u00e9n\u00e9ration de la Place des H\u00e9ros \u00e0 Eleusis (1\u00e8re Mention &#8211; Acquisition).[\/vc_column_text][\/vc_column][\/vc_row][vc_row content_placement=\u00a0\u00bbmiddle\u00a0\u00bb wrap_container=\u00a0\u00bbyes\u00a0\u00bb css=\u00a0\u00bb.vc_custom_1687427646408{padding-top: 60px !important;padding-bottom: 80px !important;background-color: #ededed !important;}\u00a0\u00bb conditional_render=\u00a0\u00bb%5B%7B%22value_role%22%3A%22administrator%22%7D%5D\u00a0\u00bb][vc_column width=\u00a0\u00bb1\/2&Prime; el_class=\u00a0\u00bbpe-lg-4&Prime;][vc_row_inner el_class=\u00a0\u00bbjustify-content-end\u00a0\u00bb][vc_column_inner animation_delay=\u00a0\u00bb600&Prime; offset=\u00a0\u00bbvc_col-md-9&Prime; animation_type=\u00a0\u00bbfadeInRight\u00a0\u00bb]<div class=\"porto-u-heading my-5  wpb_custom_95aa9a11c17ad45cfabaf210d84ee7cc porto-u-2837 \"><div class=\"porto-u-main-heading\"><h2   style=\"font-weight:700;color:#0088cc;font-size:14px;line-height:27px;\">PR\u00c9SENT\u00c9 PAR<\/h2><\/div><div class=\"porto-u-sub-heading\" style=\"font-weight:700;color: #212529;font-size:28px;line-height:42px;\">\u00c9lida de F\u00e1tima Acosta<\/div><style>.porto-u-2837.porto-u-heading{text-align:right}<\/style><\/div>[\/vc_column_inner][\/vc_row_inner][\/vc_column][vc_column width=\u00a0\u00bb1\/2&Prime; el_class=\u00a0\u00bbps-lg-4&Prime;][vc_row_inner el_class=\u00a0\u00bbjustify-content-start\u00a0\u00bb][vc_column_inner offset=\u00a0\u00bbvc_col-md-10&Prime;][vc_single_image image=\u00a0\u00bb17317&Prime; img_size=\u00a0\u00bbfull\u00a0\u00bb animation_delay=\u00a0\u00bb500&Prime; el_class=\u00a0\u00bbmb-0&Prime; animation_type=\u00a0\u00bbzoomIn\u00a0\u00bb][\/vc_column_inner][\/vc_row_inner][vc_column_text css=\u00a0\u00bb.vc_custom_1696408082206{margin-right: 10px !important;border-right-width: 10px !important;padding-right: 10px !important;}\u00a0\u00bb]La pr\u00e9sentation de ces s\u00e9ances techniques sera donn\u00e9e par \u00c9lida de F\u00e1tima Acosta, directrice \u00e9ditoriale de la revue Verde es Vida. Licenci\u00e9e en philosophie et titulaire d&rsquo;un master en journalisme, elle prend en 2010 la t\u00eate de cette revue de jardinage de l&rsquo;Association espagnole des jardineries, qu&rsquo;elle a transform\u00e9e en une vitrine de l&rsquo;am\u00e9nagement paysager contemporain, avec un accent particulier sur les jardins d&rsquo;un nouveau style, marqu\u00e9s par le naturalisme dans les plantations, \u00e0 l&rsquo;int\u00e9rieur et \u00e0 l&rsquo;ext\u00e9rieur de l&rsquo;Espagne.[\/vc_column_text][\/vc_column][\/vc_row]<\/p>\n<\/div>","protected":false},"excerpt":{"rendered":"<p>[vc_row content_placement=\u00a0\u00bbmiddle\u00a0\u00bb wrap_container=\u00a0\u00bbyes\u00a0\u00bb css=\u00a0\u00bb.vc_custom_1557276992250{padding-top: 110px !important;padding-bottom: 80px !important;background-color: #ededed !important;}\u00a0\u00bb][vc_column width=\u00a0\u00bb1\/2&Prime; el_class=\u00a0\u00bbpe-lg-4&Prime;][vc_row_inner el_class=\u00a0\u00bbjustify-content-end\u00a0\u00bb][vc_column_inner animation_delay=\u00a0\u00bb600&Prime; offset=\u00a0\u00bbvc_col-md-9&Prime; animation_type=\u00a0\u00bbfadeInRight\u00a0\u00bb][\/vc_column_inner][vc_column_inner animation_delay=\u00a0\u00bb\u00a0\u00bb offset=\u00a0\u00bbvc_col-md-10&Prime;][vc_single_image image=\u00a0\u00bb16979&Prime; img_size=\u00a0\u00bbfull\u00a0\u00bb animation_delay=\u00a0\u00bb500&Prime; el_class=\u00a0\u00bbmb-1&Prime; animation_type=\u00a0\u00bbzoomIn\u00a0\u00bb][\/vc_column_inner][\/vc_row_inner][\/vc_column][vc_column width=\u00a0\u00bb1\/2&Prime; el_class=\u00a0\u00bbps-lg-4&Prime;][vc_row_inner el_class=\u00a0\u00bbjustify-content-start\u00a0\u00bb][vc_column_inner offset=\u00a0\u00bbvc_col-md-10&Prime;][vc_single_image image=\u00a0\u00bb17010&Prime; img_size=\u00a0\u00bbfull\u00a0\u00bb animation_delay=\u00a0\u00bb500&Prime; el_class=\u00a0\u00bbmb-0&Prime; animation_type=\u00a0\u00bbzoomIn\u00a0\u00bb][\/vc_column_inner][\/vc_row_inner][vc_column_text css=\u00a0\u00bb.vc_custom_1687427594154{margin-right: 10px !important;border-right-width: 10px !important;padding-right: 10px !important;}\u00a0\u00bb]La premi\u00e8re conf\u00e9rence que nous pouvons annoncer sera donn\u00e9e par la paysagiste argentine Amalia Robredo, une r\u00e9f\u00e9rence [&hellip;]<\/p>\n","protected":false},"author":1,"featured_media":0,"parent":0,"menu_order":0,"comment_status":"closed","ping_status":"closed","template":"","meta":{"_acf_changed":false,"om_disable_all_campaigns":false,"_monsterinsights_skip_tracking":false,"_monsterinsights_sitenote_active":false,"_monsterinsights_sitenote_note":"","_monsterinsights_sitenote_category":0,"footnotes":""},"class_list":["post-17056","page","type-page","status-publish","hentry"],"acf":[],"aioseo_notices":[],"_links":{"self":[{"href":"https:\/\/www.cultidelta.com\/fr\/wp-json\/wp\/v2\/pages\/17056","targetHints":{"allow":["GET"]}}],"collection":[{"href":"https:\/\/www.cultidelta.com\/fr\/wp-json\/wp\/v2\/pages"}],"about":[{"href":"https:\/\/www.cultidelta.com\/fr\/wp-json\/wp\/v2\/types\/page"}],"author":[{"embeddable":true,"href":"https:\/\/www.cultidelta.com\/fr\/wp-json\/wp\/v2\/users\/1"}],"replies":[{"embeddable":true,"href":"https:\/\/www.cultidelta.com\/fr\/wp-json\/wp\/v2\/comments?post=17056"}],"version-history":[{"count":15,"href":"https:\/\/www.cultidelta.com\/fr\/wp-json\/wp\/v2\/pages\/17056\/revisions"}],"predecessor-version":[{"id":17334,"href":"https:\/\/www.cultidelta.com\/fr\/wp-json\/wp\/v2\/pages\/17056\/revisions\/17334"}],"wp:attachment":[{"href":"https:\/\/www.cultidelta.com\/fr\/wp-json\/wp\/v2\/media?parent=17056"}],"curies":[{"name":"wp","href":"https:\/\/api.w.org\/{rel}","templated":true}]}}